{"id":14,"date":"2025-11-04T14:27:58","date_gmt":"2025-11-04T17:27:58","guid":{"rendered":"http:\/\/specsotica.com.br\/?page_id=14"},"modified":"2025-11-04T14:28:00","modified_gmt":"2025-11-04T17:28:00","slug":"politica-de-privacidade-2","status":"publish","type":"page","link":"https:\/\/specsotica.com.br\/?page_id=14","title":{"rendered":"Pol\u00edtica de privacidade"},"content":{"rendered":"\n<h2 class=\"wp-block-heading\">Quem somos<\/h2>\n\n\n\n<p>A <strong>Specs \u00d3tica<\/strong> \u00e9 uma loja moderna e descomplicada, especializada em \u00f3culos e lentes de qualidade.<br>Nosso compromisso \u00e9 oferecer uma experi\u00eancia de compra segura, transparente e personalizada, cuidando tamb\u00e9m da <strong>prote\u00e7\u00e3o dos seus dados<\/strong>.<\/p>\n\n\n\n<h2 class=\"wp-block-heading\">Quais dados coletamos e como utilizamos<\/h2>\n\n\n\n<p>Durante sua navega\u00e7\u00e3o e relacionamento conosco, podemos coletar alguns dados pessoais, sempre com base na necessidade e finalidade espec\u00edfica.<br>Essas informa\u00e7\u00f5es s\u00e3o utilizadas apenas para garantir o bom funcionamento do site, melhorar sua experi\u00eancia e realizar os servi\u00e7os contratados.<\/p>\n\n\n\n<p><strong>Podemos coletar:<\/strong><\/p>\n\n\n\n<ul class=\"wp-block-list\">\n<li><strong>Dados de identifica\u00e7\u00e3o:<\/strong> nome completo, CPF, telefone, e-mail e endere\u00e7o.<\/li>\n\n\n\n<li><strong>Dados de pagamento:<\/strong> informa\u00e7\u00f5es necess\u00e1rias para processar pedidos e emitir notas fiscais.<\/li>\n\n\n\n<li><strong>Dados de navega\u00e7\u00e3o:<\/strong> endere\u00e7o IP, p\u00e1ginas visitadas, tempo de perman\u00eancia, cookies e prefer\u00eancias de navega\u00e7\u00e3o.<\/li>\n\n\n\n<li><strong>Dados de atendimento:<\/strong> informa\u00e7\u00f5es enviadas em formul\u00e1rios, e-mails, WhatsApp ou redes sociais.<\/li>\n<\/ul>\n\n\n\n<h3 class=\"wp-block-heading\"><strong>Usamos esses dados para:<\/strong><\/h3>\n\n\n\n<ul class=\"wp-block-list\">\n<li>Processar pedidos, pagamentos e entregas.<\/li>\n\n\n\n<li>Enviar confirma\u00e7\u00f5es, atualiza\u00e7\u00f5es e comunica\u00e7\u00f5es sobre suas compras.<\/li>\n\n\n\n<li>Oferecer suporte e atendimento personalizado.<\/li>\n\n\n\n<li>Enviar promo\u00e7\u00f5es, ofertas e novidades (somente com seu consentimento).<\/li>\n\n\n\n<li>Analisar o uso do site e aprimorar nossos servi\u00e7os e produtos.<\/li>\n\n\n\n<li>Cumprir obriga\u00e7\u00f5es legais, fiscais e regulat\u00f3rias.<\/li>\n<\/ul>\n\n\n\n<p>A coleta e o uso de dados s\u00e3o sempre realizados de forma <strong>transparente e segura<\/strong>, respeitando seus direitos e prefer\u00eancias.<\/p>\n\n\n\n<h2 class=\"wp-block-heading\">Cookies<\/h2>\n\n\n\n<p>Utilizamos <strong>cookies<\/strong> para melhorar a navega\u00e7\u00e3o no site, entender prefer\u00eancias e oferecer uma experi\u00eancia mais personalizada.<br>Voc\u00ea pode gerenciar ou desativar os cookies diretamente nas configura\u00e7\u00f5es do seu navegador.<\/p>\n\n\n\n<h2 class=\"wp-block-heading\">M\u00eddia incorporada de outros sites<\/h2>\n\n\n\n<p><strong class=\"privacy-policy-tutorial\">Texto sugerido: <\/strong>Artigos neste site podem incluir conte\u00fado incorporado como, por exemplo, v\u00eddeos, imagens, artigos, etc. Conte\u00fados incorporados de outros sites se comportam exatamente da mesma forma como se o visitante estivesse visitando o outro site.<\/p>\n\n\n\n<p>Estes sites podem coletar dados sobre voc\u00ea, usar cookies, incorporar rastreamento adicional de terceiros e monitorar sua intera\u00e7\u00e3o com este conte\u00fado incorporado, incluindo sua intera\u00e7\u00e3o com o conte\u00fado incorporado se voc\u00ea tem uma conta e est\u00e1 conectado com o site.<\/p>\n\n\n\n<h2 class=\"wp-block-heading\">Com quem compartilhamos seus dados<\/h2>\n\n\n\n<p>A <strong>Specs \u00d3tica<\/strong> <strong>n\u00e3o vende, aluga ou compartilha<\/strong> seus dados pessoais com terceiros, exceto quando necess\u00e1rio para:<\/p>\n\n\n\n<ul class=\"wp-block-list\">\n<li>Processar pagamentos e entregas (ex: operadoras de cart\u00e3o, transportadoras).<\/li>\n\n\n\n<li>Cumprir exig\u00eancias legais ou solicita\u00e7\u00f5es de autoridades competentes.<\/li>\n<\/ul>\n","protected":false},"excerpt":{"rendered":"<p>Quem somos A Specs \u00d3tica \u00e9 uma loja moderna e descomplicada, especializada em \u00f3culos e lentes de qualidade.Nosso compromisso \u00e9 oferecer uma experi\u00eancia de compra segura, transparente e personalizada, cuidando tamb\u00e9m da prote\u00e7\u00e3o dos seus dados. Quais dados coletamos e como utilizamos Durante sua navega\u00e7\u00e3o e relacionamento conosco, podemos coletar alguns dados pessoais, sempre com [&hellip;]<\/p>\n","protected":false},"author":1,"featured_media":23,"parent":0,"menu_order":0,"comment_status":"closed","ping_status":"closed","template":"","meta":{"footnotes":""},"class_list":["post-14","page","type-page","status-publish","has-post-thumbnail","hentry"],"yoast_head":"<!-- This site is optimized with the Yoast SEO plugin v22.8 - https:\/\/yoast.com\/wordpress\/plugins\/seo\/ -->\n<title>Pol\u00edtica de privacidade - Specs \u00d3tica<\/title>\n<meta name=\"robots\" content=\"index, follow, max-snippet:-1, max-image-preview:large, max-video-preview:-1\" \/>\n<link rel=\"canonical\" href=\"http:\/\/specsotica.com.br\/?page_id=14\" \/>\n<meta property=\"og:locale\" content=\"pt_BR\" \/>\n<meta property=\"og:type\" content=\"article\" \/>\n<meta property=\"og:title\" content=\"Pol\u00edtica de privacidade - Specs \u00d3tica\" \/>\n<meta property=\"og:description\" content=\"Quem somos A Specs \u00d3tica \u00e9 uma loja moderna e descomplicada, especializada em \u00f3culos e lentes de qualidade.Nosso compromisso \u00e9 oferecer uma experi\u00eancia de compra segura, transparente e personalizada, cuidando tamb\u00e9m da prote\u00e7\u00e3o dos seus dados. Quais dados coletamos e como utilizamos Durante sua navega\u00e7\u00e3o e relacionamento conosco, podemos coletar alguns dados pessoais, sempre com [&hellip;]\" \/>\n<meta property=\"og:url\" content=\"http:\/\/specsotica.com.br\/?page_id=14\" \/>\n<meta property=\"og:site_name\" content=\"Specs \u00d3tica\" \/>\n<meta property=\"article:modified_time\" content=\"2025-11-04T17:28:00+00:00\" \/>\n<meta property=\"og:image\" content=\"http:\/\/specsotica.com.br\/wp-content\/uploads\/2025\/11\/specs-otica-oculos-na-chacara-santo-antonio-otica-na-chacara-santo-antonio-oculos-na-granja-julieta-otica-na-granja-julieta-zona-sul-3166-15672.jpeg\" \/>\n\t<meta property=\"og:image:width\" content=\"1280\" \/>\n\t<meta property=\"og:image:height\" content=\"720\" \/>\n\t<meta property=\"og:image:type\" content=\"image\/jpeg\" \/>\n<meta name=\"twitter:card\" content=\"summary_large_image\" \/>\n<meta name=\"twitter:label1\" content=\"Est. tempo de leitura\" \/>\n\t<meta name=\"twitter:data1\" content=\"3 minutos\" \/>\n<script type=\"application\/ld+json\" class=\"yoast-schema-graph\">{\"@context\":\"https:\/\/schema.org\",\"@graph\":[{\"@type\":\"WebPage\",\"@id\":\"http:\/\/specsotica.com.br\/?page_id=14\",\"url\":\"http:\/\/specsotica.com.br\/?page_id=14\",\"name\":\"Pol\u00edtica de privacidade - Specs \u00d3tica\",\"isPartOf\":{\"@id\":\"https:\/\/specsotica.com.br\/#website\"},\"primaryImageOfPage\":{\"@id\":\"http:\/\/specsotica.com.br\/?page_id=14#primaryimage\"},\"image\":{\"@id\":\"http:\/\/specsotica.com.br\/?page_id=14#primaryimage\"},\"thumbnailUrl\":\"https:\/\/specsotica.com.br\/wp-content\/uploads\/2025\/11\/specs-otica-oculos-na-chacara-santo-antonio-otica-na-chacara-santo-antonio-oculos-na-granja-julieta-otica-na-granja-julieta-zona-sul-3166-15672.jpeg\",\"datePublished\":\"2025-11-04T17:27:58+00:00\",\"dateModified\":\"2025-11-04T17:28:00+00:00\",\"breadcrumb\":{\"@id\":\"http:\/\/specsotica.com.br\/?page_id=14#breadcrumb\"},\"inLanguage\":\"pt-BR\",\"potentialAction\":[{\"@type\":\"ReadAction\",\"target\":[\"http:\/\/specsotica.com.br\/?page_id=14\"]}]},{\"@type\":\"ImageObject\",\"inLanguage\":\"pt-BR\",\"@id\":\"http:\/\/specsotica.com.br\/?page_id=14#primaryimage\",\"url\":\"https:\/\/specsotica.com.br\/wp-content\/uploads\/2025\/11\/specs-otica-oculos-na-chacara-santo-antonio-otica-na-chacara-santo-antonio-oculos-na-granja-julieta-otica-na-granja-julieta-zona-sul-3166-15672.jpeg\",\"contentUrl\":\"https:\/\/specsotica.com.br\/wp-content\/uploads\/2025\/11\/specs-otica-oculos-na-chacara-santo-antonio-otica-na-chacara-santo-antonio-oculos-na-granja-julieta-otica-na-granja-julieta-zona-sul-3166-15672.jpeg\",\"width\":1280,\"height\":720},{\"@type\":\"BreadcrumbList\",\"@id\":\"http:\/\/specsotica.com.br\/?page_id=14#breadcrumb\",\"itemListElement\":[{\"@type\":\"ListItem\",\"position\":1,\"name\":\"Home\",\"item\":\"https:\/\/specsotica.com.br\/\"},{\"@type\":\"ListItem\",\"position\":2,\"name\":\"Pol\u00edtica de privacidade\"}]},{\"@type\":\"WebSite\",\"@id\":\"https:\/\/specsotica.com.br\/#website\",\"url\":\"https:\/\/specsotica.com.br\/\",\"name\":\"Specs \u00d3tica\",\"description\":\"\u00d3tica moderna e leve, com \u00f3culos cheios de estilo, atendimento pr\u00f3ximo e uma experi\u00eancia de compra simples, do jeito que voc\u00ea gosta.\",\"publisher\":{\"@id\":\"https:\/\/specsotica.com.br\/#organization\"},\"potentialAction\":[{\"@type\":\"SearchAction\",\"target\":{\"@type\":\"EntryPoint\",\"urlTemplate\":\"https:\/\/specsotica.com.br\/?s={search_term_string}\"},\"query-input\":\"required name=search_term_string\"}],\"inLanguage\":\"pt-BR\"},{\"@type\":\"Organization\",\"@id\":\"https:\/\/specsotica.com.br\/#organization\",\"name\":\"Specs \u00d3tica\",\"url\":\"https:\/\/specsotica.com.br\/\",\"logo\":{\"@type\":\"ImageObject\",\"inLanguage\":\"pt-BR\",\"@id\":\"https:\/\/specsotica.com.br\/#\/schema\/logo\/image\/\",\"url\":\"https:\/\/specsotica.com.br\/wp-content\/uploads\/2025\/11\/download.jpg\",\"contentUrl\":\"https:\/\/specsotica.com.br\/wp-content\/uploads\/2025\/11\/download.jpg\",\"width\":224,\"height\":224,\"caption\":\"Specs \u00d3tica\"},\"image\":{\"@id\":\"https:\/\/specsotica.com.br\/#\/schema\/logo\/image\/\"}}]}<\/script>\n<!-- \/ Yoast SEO plugin. -->","yoast_head_json":{"title":"Pol\u00edtica de privacidade - Specs \u00d3tica","robots":{"index":"index","follow":"follow","max-snippet":"max-snippet:-1","max-image-preview":"max-image-preview:large","max-video-preview":"max-video-preview:-1"},"canonical":"http:\/\/specsotica.com.br\/?page_id=14","og_locale":"pt_BR","og_type":"article","og_title":"Pol\u00edtica de privacidade - Specs \u00d3tica","og_description":"Quem somos A Specs \u00d3tica \u00e9 uma loja moderna e descomplicada, especializada em \u00f3culos e lentes de qualidade.Nosso compromisso \u00e9 oferecer uma experi\u00eancia de compra segura, transparente e personalizada, cuidando tamb\u00e9m da prote\u00e7\u00e3o dos seus dados. Quais dados coletamos e como utilizamos Durante sua navega\u00e7\u00e3o e relacionamento conosco, podemos coletar alguns dados pessoais, sempre com [&hellip;]","og_url":"http:\/\/specsotica.com.br\/?page_id=14","og_site_name":"Specs \u00d3tica","article_modified_time":"2025-11-04T17:28:00+00:00","og_image":[{"width":1280,"height":720,"url":"http:\/\/specsotica.com.br\/wp-content\/uploads\/2025\/11\/specs-otica-oculos-na-chacara-santo-antonio-otica-na-chacara-santo-antonio-oculos-na-granja-julieta-otica-na-granja-julieta-zona-sul-3166-15672.jpeg","type":"image\/jpeg"}],"twitter_card":"summary_large_image","twitter_misc":{"Est. tempo de leitura":"3 minutos"},"schema":{"@context":"https:\/\/schema.org","@graph":[{"@type":"WebPage","@id":"http:\/\/specsotica.com.br\/?page_id=14","url":"http:\/\/specsotica.com.br\/?page_id=14","name":"Pol\u00edtica de privacidade - Specs \u00d3tica","isPartOf":{"@id":"https:\/\/specsotica.com.br\/#website"},"primaryImageOfPage":{"@id":"http:\/\/specsotica.com.br\/?page_id=14#primaryimage"},"image":{"@id":"http:\/\/specsotica.com.br\/?page_id=14#primaryimage"},"thumbnailUrl":"https:\/\/specsotica.com.br\/wp-content\/uploads\/2025\/11\/specs-otica-oculos-na-chacara-santo-antonio-otica-na-chacara-santo-antonio-oculos-na-granja-julieta-otica-na-granja-julieta-zona-sul-3166-15672.jpeg","datePublished":"2025-11-04T17:27:58+00:00","dateModified":"2025-11-04T17:28:00+00:00","breadcrumb":{"@id":"http:\/\/specsotica.com.br\/?page_id=14#breadcrumb"},"inLanguage":"pt-BR","potentialAction":[{"@type":"ReadAction","target":["http:\/\/specsotica.com.br\/?page_id=14"]}]},{"@type":"ImageObject","inLanguage":"pt-BR","@id":"http:\/\/specsotica.com.br\/?page_id=14#primaryimage","url":"https:\/\/specsotica.com.br\/wp-content\/uploads\/2025\/11\/specs-otica-oculos-na-chacara-santo-antonio-otica-na-chacara-santo-antonio-oculos-na-granja-julieta-otica-na-granja-julieta-zona-sul-3166-15672.jpeg","contentUrl":"https:\/\/specsotica.com.br\/wp-content\/uploads\/2025\/11\/specs-otica-oculos-na-chacara-santo-antonio-otica-na-chacara-santo-antonio-oculos-na-granja-julieta-otica-na-granja-julieta-zona-sul-3166-15672.jpeg","width":1280,"height":720},{"@type":"BreadcrumbList","@id":"http:\/\/specsotica.com.br\/?page_id=14#breadcrumb","itemListElement":[{"@type":"ListItem","position":1,"name":"Home","item":"https:\/\/specsotica.com.br\/"},{"@type":"ListItem","position":2,"name":"Pol\u00edtica de privacidade"}]},{"@type":"WebSite","@id":"https:\/\/specsotica.com.br\/#website","url":"https:\/\/specsotica.com.br\/","name":"Specs \u00d3tica","description":"\u00d3tica moderna e leve, com \u00f3culos cheios de estilo, atendimento pr\u00f3ximo e uma experi\u00eancia de compra simples, do jeito que voc\u00ea gosta.","publisher":{"@id":"https:\/\/specsotica.com.br\/#organization"},"potentialAction":[{"@type":"SearchAction","target":{"@type":"EntryPoint","urlTemplate":"https:\/\/specsotica.com.br\/?s={search_term_string}"},"query-input":"required name=search_term_string"}],"inLanguage":"pt-BR"},{"@type":"Organization","@id":"https:\/\/specsotica.com.br\/#organization","name":"Specs \u00d3tica","url":"https:\/\/specsotica.com.br\/","logo":{"@type":"ImageObject","inLanguage":"pt-BR","@id":"https:\/\/specsotica.com.br\/#\/schema\/logo\/image\/","url":"https:\/\/specsotica.com.br\/wp-content\/uploads\/2025\/11\/download.jpg","contentUrl":"https:\/\/specsotica.com.br\/wp-content\/uploads\/2025\/11\/download.jpg","width":224,"height":224,"caption":"Specs \u00d3tica"},"image":{"@id":"https:\/\/specsotica.com.br\/#\/schema\/logo\/image\/"}}]}},"_links":{"self":[{"href":"https:\/\/specsotica.com.br\/index.php?rest_route=\/wp\/v2\/pages\/14","targetHints":{"allow":["GET"]}}],"collection":[{"href":"https:\/\/specsotica.com.br\/index.php?rest_route=\/wp\/v2\/pages"}],"about":[{"href":"https:\/\/specsotica.com.br\/index.php?rest_route=\/wp\/v2\/types\/page"}],"author":[{"embeddable":true,"href":"https:\/\/specsotica.com.br\/index.php?rest_route=\/wp\/v2\/users\/1"}],"replies":[{"embeddable":true,"href":"https:\/\/specsotica.com.br\/index.php?rest_route=%2Fwp%2Fv2%2Fcomments&post=14"}],"version-history":[{"count":1,"href":"https:\/\/specsotica.com.br\/index.php?rest_route=\/wp\/v2\/pages\/14\/revisions"}],"predecessor-version":[{"id":24,"href":"https:\/\/specsotica.com.br\/index.php?rest_route=\/wp\/v2\/pages\/14\/revisions\/24"}],"wp:featuredmedia":[{"embeddable":true,"href":"https:\/\/specsotica.com.br\/index.php?rest_route=\/wp\/v2\/media\/23"}],"wp:attachment":[{"href":"https:\/\/specsotica.com.br\/index.php?rest_route=%2Fwp%2Fv2%2Fmedia&parent=14"}],"curies":[{"name":"wp","href":"https:\/\/api.w.org\/{rel}","templated":true}]}}